{"id":160,"date":"2016-11-21T02:59:11","date_gmt":"2016-11-21T02:59:11","guid":{"rendered":"http:\/\/fet-uat.net\/sutauat\/v10\/?page_id=160"},"modified":"2024-05-02T21:08:44","modified_gmt":"2024-05-02T21:08:44","slug":"comites-ejecutivos-locales","status":"publish","type":"page","link":"https:\/\/sutauat.org\/sitio\/comites-ejecutivos-locales\/","title":{"rendered":"C\u00f3mites Local de Secretarios"},"content":{"rendered":"<div class=\"wpb-content-wrapper\"><p>[vc_row][vc_column][wd_headings headings_title=\u00bbComit\u00e9s\u00bb headings_subtitle=\u00bbConsulte la zona geogr\u00e1fica deseada\u00bb wd_heading_font_weight=\u00bb400&#8243; wd_sub_heading_font_weight=\u00bb400&#8243;][\/vc_column][\/vc_row][vc_row][vc_column][wd_headings headings_title=\u00bbZona Norte\u00bb headings_subtitle=\u00bb\u00bb headings_separator=\u00bbborder\u00bb headings_separator_border_color=\u00bb#ed8f23&#8243; wd_heading_font_weight=\u00bb400&#8243; wd_sub_heading_font_weight=\u00bb400&#8243;][\/vc_column][\/vc_row][vc_row wd_row_delimiter_style=\u00bbvertical_line_bottom_center\u00bb wd_row_delimiter_color=\u00bb#bbbbbb\u00bb][vc_column width=\u00bb1\/2&#8243;][vc_tta_accordion shape=\u00bbsquare\u00bb c_align=\u00bbright\u00bb c_icon=\u00bbtriangle\u00bb c_position=\u00bbright\u00bb active_section=\u00bb1&#8243; css_animation=\u00bbbounceInLeft\u00bb][vc_tta_section title=\u00bbUnidad Acad\u00e9mica Multidisciplinaria Matamoros &#8211; Enfermer\u00eda\u00bb tab_id=\u00bb1479701235615-404ce88e-18ce\u00bb][vc_column_text]<\/p>\n<ul>\n<li>Mtra. Delia Ponce Mart\u00ednez\u00a0 &#8211;\u00a0Secretaria General Local<\/li>\n<li>Mtra. Ch\u00e1vez Rodr\u00edguez Erika\u00a0 \u00a0&#8211; Secretaria De Trabajo y Conflictos<\/li>\n<li>Mtro. Agust\u00edn Andrade Ramirez\u00a0 &#8211;\u00a0Secretario De Actas<\/li>\n<\/ul>\n<p>[\/vc_column_text][\/vc_tta_section][vc_tta_section title=\u00bbFacultad de Medicina e Ingenier\u00eda en Sistemas Computacionales de Matamoros\u00bb tab_id=\u00bb1479701235670-4d9bf19a-9ba4&#8243;][vc_column_text]<\/p>\n<ul>\n<li>Mtro. Erasmo Salinas Gaona &#8211; Secretario General Local<\/li>\n<li>Mtro. Jesus Angel Ramirez Luna &#8211;\u00a0 Secretaria De Trabajo Y Conflictos<\/li>\n<li>Mtra. Ma de Lourdes Cant\u00fa Gallegos &#8211; Secretaria De Actas<\/li>\n<\/ul>\n<p>[\/vc_column_text][\/vc_tta_section][vc_tta_section title=\u00bbUnidad Acad\u00e9mica Multidisciplinaria Valle Hermoso\u00bb tab_id=\u00bb1479701501663-b74ec8ff-5296&#8243;][vc_column_text]<\/p>\n<ul>\n<li>Mtro. Raymundo Aldape Garf\u00edas &#8211;\u00a0Secretario General Local<\/li>\n<li>Mtra. Maria Luisa Palacios Medina &#8211; Secretario De Trabajo Y Conflictos<\/li>\n<li>Mtra. Ma Lourdes Herrera Martinez &#8211; Secretaria De Actas<\/li>\n<\/ul>\n<p>.[\/vc_column_text][\/vc_tta_section][vc_tta_section title=\u00bbUnidad Acad\u00e9mica Multidisciplinaria Reynosa-Rodhe\u00bb tab_id=\u00bb1479701536709-589aae83-d0ce\u00bb][vc_column_text]<\/p>\n<ul>\n<li>Mtro Jos\u00e9 Antonio Hern\u00e1ndez Luna &#8211; Secretario General Local<\/li>\n<li>Mtro. Luis Antonio Garc\u00eda Garza &#8211; Secretario De Trabajo y Conflictos<\/li>\n<li>Mtra. Yadira Arecely Fuentes Rubio\u00a0 &#8211; Secretaria De Actas<\/li>\n<\/ul>\n<p>[\/vc_column_text][\/vc_tta_section][vc_tta_section title=\u00bbUnidad Acad\u00e9mica Multidisciplinaria Reynosa-Aztlan\u00bb tab_id=\u00bb1479701578264-d1939bf0-80a1&#8243;][vc_column_text]<\/p>\n<ul>\n<li>Dra. Lidia Rodr\u00edguez S\u00e1nchez &#8211;\u00a0Secretaria General Local<\/li>\n<li>Mtro. Cuitlahuac Gonz\u00e1lez Rodr\u00edguez &#8211;\u00a0Secretario De Trabajo Y Conflictos<\/li>\n<li>Mtra. San Juana Elizabeth\u00a0 Aleman Castillo &#8211;\u00a0Secretaria De Actas<\/li>\n<\/ul>\n<p>[\/vc_column_text][\/vc_tta_section][vc_tta_section title=\u00bbFacultad De Enfermer\u00eda Nuevo Laredo\u00bb tab_id=\u00bb1479701617847-11d97fdb-c920&#8243;][vc_column_text]<\/p>\n<ul>\n<li>Mtra. Yolanda Botello Moreno &#8211; Secretaria General Local<\/li>\n<li>Mtra. Mar\u00eda de Jes\u00fas Del Valle Alonso &#8211; Secretario De Trabajo Y Conflictos<\/li>\n<li>Mtra. Adriana Lerma Valdez &#8211; Secretaria De Actas<\/li>\n<\/ul>\n<p>[\/vc_column_text][\/vc_tta_section][vc_tta_section title=\u00bbFacultad de Comercio, Administraci\u00f3n y Ciencias Sociales Nuevo Laredo\u00bb tab_id=\u00bb1479701644816-88ef7755-3932&#8243;][vc_column_text]<\/p>\n<ul>\n<li>\u00a0Mtra. Lidia Zertuche Garza &#8211; Secretaria General Local<\/li>\n<li>\u00a0Mtra. Mireya Concepci\u00f3n Huerta Trejo &#8211; Secretaria De Trabajo y Conflictos<\/li>\n<li>\u00a0Mtro. Juan Pablo De Le\u00f3n Hern\u00e1ndez &#8211; Secretario De Actas<\/li>\n<\/ul>\n<p>[\/vc_column_text][\/vc_tta_section][vc_tta_section title=\u00bbUnidad Acad\u00e9mica Multidisciplinaria &#8211; R\u00edo Bravo\u00bb tab_id=\u00bb1479701679988-4094a539-bc8c\u00bb][vc_column_text]<\/p>\n<ul>\n<li>M.E.T.\u00a0Aar\u00f3n Soto J\u00e1uregui &#8211;\u00a0Secretario General Local<\/li>\n<li>Lic. Juan Gabriel Reyes Robledo &#8211;\u00a0Secretario de Trabajo y Conflictos<\/li>\n<li>Lic. Karla Odette Villarreal Estrada &#8211;\u00a0Secretaria De Actas<\/li>\n<\/ul>\n<p>[\/vc_column_text][\/vc_tta_section][\/vc_tta_accordion][\/vc_column][vc_column width=\u00bb1\/2&#8243;][vc_single_image image=\u00bb714&#8243; img_size=\u00bbfull\u00bb alignment=\u00bbcenter\u00bb style=\u00bbvc_box_circle\u00bb css_animation=\u00bbbounceInRight\u00bb][\/vc_column][\/vc_row][vc_row][vc_column][wd_headings headings_title=\u00bbZona Centro\u00bb headings_subtitle=\u00bb\u00bb headings_separator=\u00bbborder\u00bb headings_separator_border_color=\u00bb#ed8f23&#8243; wd_heading_font_weight=\u00bb400&#8243; wd_sub_heading_font_weight=\u00bb400&#8243;][\/vc_column][\/vc_row][vc_row content_placement=\u00bbmiddle\u00bb][vc_column width=\u00bb1\/2&#8243;][vc_tta_accordion shape=\u00bbsquare\u00bb spacing=\u00bb3&#8243; gap=\u00bb2&#8243; c_icon=\u00bbtriangle\u00bb c_position=\u00bbright\u00bb active_section=\u00bb0&#8243; css_animation=\u00bbbounceInLeft\u00bb collapsible_all=\u00bbtrue\u00bb][vc_tta_section title=\u00bbFacultad De Ingenier\u00eda y Ciencias\u00bb tab_id=\u00bb1479699869424-42315f11-227e\u00bb][vc_column_text]<\/p>\n<ul>\n<li>MCE \u00c1ngel Dorantes Salazar &#8211; Secretario General Local<\/li>\n<li>Mtro. Juan Mu\u00f1oz G\u00f3mez &#8211; Secretario De Trabajo Y Conflictos<\/li>\n<li>Mtra. Tania Yukary Guerrero Mel\u00e9ndez &#8211; Secretaria De Actas<\/li>\n<\/ul>\n<p>[\/vc_column_text][\/vc_tta_section][vc_tta_section title=\u00bbUnidad Acad\u00e9mica de Trabajo Social y Ciencias para el Desarrollo Humano\u00bb tab_id=\u00bb1479700362758-d738ac85-15f6&#8243;][vc_column_text]<\/p>\n<ul>\n<li>Mtro. Luis Rodr\u00edguez Reyes &#8211; Secretario General Local<\/li>\n<li>Mtro. Mario Alberto Quintero Montelongo &#8211; Secretario De Trabajo Y Conflictos<\/li>\n<li>Mtra. Blanca Delia Garc\u00eda Gonz\u00e1lez\u00a0 &#8211; Secretaria De Actas<\/li>\n<\/ul>\n<p>[\/vc_column_text][\/vc_tta_section][vc_tta_section title=\u00bbUnidad Acad\u00e9mica De Ciencias de la Educaci\u00f3n y Humanidades\u00bb tab_id=\u00bb1479700403754-ec0dcdbd-2bf1&#8243;][vc_column_text]<\/p>\n<ul>\n<li>Mtro. Jos\u00e9 Guillermo Escot Quintero &#8211; Secretaria General Local<\/li>\n<li>Mtro. Luis Humberto Garza Vazquez &#8211; Secretario De Trabajo Y Conflictos<\/li>\n<li>Mtra. Nereyda Ram\u00edrez L\u00f3pez\u00a0 &#8211; Secretaria De Actas<\/li>\n<\/ul>\n<p>[\/vc_column_text][\/vc_tta_section][vc_tta_section title=\u00bbFacultad De Medicina Veterinaria y Zootecnia Dr. Norberto Trevi\u00f1o Zapata\u201d\u00bb tab_id=\u00bb1479700447244-699880ab-dc5c\u00bb][vc_column_text]<\/p>\n<ul>\n<li>Mtro. Jos\u00e9 Octavio Merino Charrez &#8211; Secretario General Local<\/li>\n<li>Mtra. Mar\u00eda Lorena Torres Rodriguez &#8211; Secretaria De Trabajo Y Conflictos<\/li>\n<li>Mtro. Hugo Brigido Barrios Garc\u00eda\u00a0&#8211; Secretario De Actas<\/li>\n<\/ul>\n<p>[\/vc_column_text][\/vc_tta_section][vc_tta_section title=\u00bbFacultad de Comercio y Administraci\u00f3n Victoria\u00bb tab_id=\u00bb1479699869376-2ba87d7a-b359&#8243;][vc_column_text]<\/p>\n<ul>\n<li>Mtro. Enrique Nicol\u00e1s Franco M\u00e9ndez &#8211; Secretario General Local<\/li>\n<li>Mtro. Juan Carlos Garc\u00eda Vazquez\u00a0 &#8211; Secretario De Trabajo Y Conflictos<\/li>\n<li>Mtra. Diana de Lourdes Coronado Hern\u00e1ndez\u00a0 &#8211; Secretaria De Actas<\/li>\n<\/ul>\n<p>[\/vc_column_text][\/vc_tta_section][vc_tta_section title=\u00bbFacultad De Enfermer\u00eda Victoria\u00bb tab_id=\u00bb1479700515085-ed49b028-86bd\u00bb][vc_column_text]<\/p>\n<ul>\n<li>Mtro. Lu\u00eds Gerardo Galv\u00e1n Velazco &#8211; Secretario General Local<\/li>\n<li>Mtro. Carlos Alberto Carre\u00f3n Guti\u00e9rrez &#8211; Secretario De Trabajo y Conflictos<\/li>\n<li>Mtra. Mar\u00eda Del Refugio Garc\u00eda Vazquez\u00a0 &#8211; Secretaria De Actas<\/li>\n<\/ul>\n<p>[\/vc_column_text][\/vc_tta_section][vc_tta_section title=\u00bbFacultad de Derecho y Ciencias Sociales\u00bb tab_id=\u00bb1479700558335-0bc52fb3-93d6&#8243;][vc_column_text]<\/p>\n<ul>\n<li>Lic. Fernando Gerardo Quintanilla De La Fuente &#8211; Secretario General Local<\/li>\n<li>Lic. Minerva C\u00e1ceres V\u00e1zquez &#8211; Secretaria De Trabajo Y Conflictos<\/li>\n<li>Mtra. Graciela Gonzalez Aguilar &#8211; Secretaria De Actas<\/li>\n<\/ul>\n<p>[\/vc_column_text][\/vc_tta_section][vc_tta_section title=\u00bbEscuela Preparatoria N.3&#8243; tab_id=\u00bb1714682181891-e131a135-679b\u00bb][vc_column_text]<\/p>\n<ul>\n<li>Mtra. Giselle Esmeralda Hern\u00e1ndez Rodriguez &#8211; Secretaria General Local<\/li>\n<li>Mtra. Paola Melissa L\u00f3pez Mart\u00ednez &#8211; Secretaria De Trabajo Y Conflictos<\/li>\n<li>Mtro. Jaime Villareal Garza &#8211; Secretario De Actas<\/li>\n<\/ul>\n<p>[\/vc_column_text][\/vc_tta_section][vc_tta_section title=\u00bbEscuela Preparatoria Mante\u00bb tab_id=\u00bb1487955692399-65a11528-e4bb\u00bb][vc_column_text]<\/p>\n<ul>\n<li>Lae. Jos\u00e9 Javier\u00a0 Castillo <span style=\"background-color: transparent; color: #333333; display: inline; float: none; font-family: Georgia,&amp;quot; times new roman&amp;quot;,&amp;quot;bitstream charter&amp;quot;,times,serif; font-size: 16px; font-style: normal; font-variant: normal; font-weight: 400; letter-spacing: normal; line-height: 24px; orphans: 2; text-align: left; text-decoration: none; text-indent: 0px; text-transform: none; -webkit-text-stroke-width: 0px; white-space: normal; word-spacing: 0px; word-wrap: break-word;\">Salinas<\/span> &#8211; Secretario General Local<\/li>\n<li>Mtro. Ruben P\u00e9rez Rodr\u00edguez &#8211; Secretario de Trabajo y Conflictos<\/li>\n<li>Mtra. Elba Flor Quirarte Saavedra &#8211; Secretaria De Actas<\/li>\n<\/ul>\n<p>[\/vc_column_text][\/vc_tta_section][vc_tta_section title=\u00bbUnidad Acad\u00e9mica Multidisciplinaria Mante, Centro.\u00bb tab_id=\u00bb1487955795115-5d067e6d-8fee\u00bb][vc_column_text]<\/p>\n<ul>\n<li>Mtro. Ramon Agustion Jes\u00fas &#8211; Secretario General Local<\/li>\n<li>Mtra. Veronica Judith Villareal Rodriguez &#8211; Secretaria De Trabajo y Conflictos<\/li>\n<li>Mtra. Sara Gamez Garc\u00eda\u00a0 &#8211; Secretaria De Actas<\/li>\n<\/ul>\n<p>[\/vc_column_text][\/vc_tta_section][\/vc_tta_accordion][\/vc_column][vc_column width=\u00bb1\/2&#8243;][vc_single_image image=\u00bb718&#8243; img_size=\u00bbfull\u00bb alignment=\u00bbcenter\u00bb style=\u00bbvc_box_circle\u00bb css_animation=\u00bbbounceInRight\u00bb][\/vc_column][\/vc_row][vc_row][vc_column][wd_headings headings_title=\u00bbZona Sur\u00bb headings_subtitle=\u00bb\u00bb headings_separator=\u00bbborder\u00bb headings_separator_border_color=\u00bb#ed8f23&#8243; wd_heading_font_weight=\u00bb400&#8243; wd_sub_heading_font_weight=\u00bb400&#8243;][\/vc_column][\/vc_row][vc_row content_placement=\u00bbmiddle\u00bb][vc_column width=\u00bb1\/2&#8243;][vc_tta_accordion c_icon=\u00bbtriangle\u00bb active_section=\u00bb\u00bb css_animation=\u00bbbounceInLeft\u00bb collapsible_all=\u00bbtrue\u00bb][vc_tta_section title=\u00bbFacultad de Derecho y Ciencias Sociales Tampico\u00bb tab_id=\u00bb1479697964532-f2f253d5-8149&#8243;][vc_column_text]<\/p>\n<ul>\n<li>Dr. Jes\u00fas Sanchez Castillo &#8211; Secretario General Local<\/li>\n<li>Mtro. Jes\u00fas Alejandro Sanchez Dellgado\u00a0 &#8211; Secretario De Trabajo Y Conflictos<\/li>\n<li>Mtra. Mar\u00eda Lourdes Lucio Nieto &#8211; Secretaria De Actas<\/li>\n<\/ul>\n<p>[\/vc_column_text][\/vc_tta_section][vc_tta_section title=\u00bbFacultad De Comercio y Administraci\u00f3n Tampico\u00bb tab_id=\u00bb1479697964532-8ea50f41-a33a\u00bb][vc_column_text]<\/p>\n<ul>\n<li>Mtra. Silvia Leticia L\u00f3pez Rivas &#8211; Secretaria General Local<\/li>\n<li>Mtro. Mauricio Guerrero Garc\u00eda &#8211; Secretario De Trabajo Y Conflictos<\/li>\n<li>Mtro. No\u00e9 Almaz\u00e1n Carrizales &#8211; Secretario De Actas<\/li>\n<\/ul>\n<p>[\/vc_column_text][\/vc_tta_section][vc_tta_section title=\u00bbFacultad De M\u00fasica Tampico\u00bb tab_id=\u00bb1479698156652-6b77ceb2-8522&#8243;][vc_column_text]<\/p>\n<ul>\n<li>Lic. Leobardo Valdez Santiago &#8211; Secretario General Local<\/li>\n<li>Lic. Jorge Armando Morales Segura &#8211; Secretario De Trabajo Y Conflictos<\/li>\n<li>Lic. Mar\u00eda Lid\u00eda Jaime Robles- Secretaria De Actas<\/li>\n<\/ul>\n<p>[\/vc_column_text][\/vc_tta_section][vc_tta_section title=\u00bbFacultad De Medicina \u201cDr. Alberto Romo Caballero\u201d Tampico\u00bb tab_id=\u00bb1479698203590-1e60d6c1-83d3&#8243;][vc_column_text]<\/p>\n<ul>\n<li>Mtra. Ernestina Fernandez G\u00f3mez &#8211; Secretaria General Local<\/li>\n<li>Mtro. Pedro De Jes\u00fas Rivera Gonz\u00e1lez &#8211; Secretario De Trabajo Y Conflictos<\/li>\n<li>Mtra. Miriam Janet Cervantes L\u00f3pez &#8211; Secretaria De Actas<\/li>\n<\/ul>\n<p>[\/vc_column_text][\/vc_tta_section][vc_tta_section title=\u00bbU.A. De Arquitectura, Dise\u00f1o y Urbanismo Campus Tampico\u00bb tab_id=\u00bb1479698390540-8721cdf0-7779&#8243;][vc_column_text]<\/p>\n<ul>\n<li>Mtro. Jorge Milton Cavazos Ortiz\u00a0 \u00a0&#8211; Secretario General Local<\/li>\n<li>Mtra. Blanca Estela Chavez Balderas &#8211; <span style=\"text-align: left; color: #333333; text-transform: none; line-height: 24px; text-indent: 0px; letter-spacing: normal; font-family: Georgia,'Times New Roman','Bitstream Charter',Times,serif; font-size: 16px; font-style: normal; font-variant: normal; text-decoration: none; word-spacing: 0px; display: inline !important; white-space: normal; word-wrap: break-word; orphans: 2; float: none; -webkit-text-stroke-width: 0px; background-color: transparent;\">Secretaria De Actas<\/span><\/li>\n<li>Mtro. Marco Arturo Varela Tovar &#8211; <span style=\"text-align: left; color: #333333; text-transform: none; line-height: 24px; text-indent: 0px; letter-spacing: normal; font-family: Georgia,'Times New Roman','Bitstream Charter',Times,serif; font-size: 16px; font-style: normal; font-variant: normal; text-decoration: none; word-spacing: 0px; display: inline !important; white-space: normal; word-wrap: break-word; orphans: 2; float: none; -webkit-text-stroke-width: 0px; background-color: transparent;\">Secretario De Trabajo Y Conflictos<\/span><\/li>\n<\/ul>\n<p>[\/vc_column_text][\/vc_tta_section][vc_tta_section title=\u00bbFacultad De Enfermer\u00eda Tampico\u00bb tab_id=\u00bb1479698392867-2206bc9b-a379&#8243;][vc_column_text]<\/p>\n<ul>\n<li>M.C.E. Luz Mar\u00eda Quintero Valle &#8211; Secretaria General Local<\/li>\n<li>Mtra. Martha Elia Rocher Gutierrez &#8211; Secretaria De Trabajo Y Conflictos<\/li>\n<li>Mtro. Francisco Franco Lara\u00a0 &#8211; Secretario De Actas<\/li>\n<\/ul>\n<p>[\/vc_column_text][\/vc_tta_section][vc_tta_section title=\u00bbFacultad De Odontolog\u00eda Tampico\u00bb tab_id=\u00bb1479698394188-1303e2ae-1107&#8243;][vc_column_text]<\/p>\n<ul>\n<li>Dr. Juan Jos\u00e9 Castilla Hern\u00e1ndez &#8211; Secretario General Local<\/li>\n<li>Dr. Ricardo Reyes Flores &#8211; Secretario De Trabajo Y Conflictos<\/li>\n<li>Dra. Dora Alicia Mu\u00f1iz Ramos &#8211; Secretaria De Actas<\/li>\n<\/ul>\n<p>[\/vc_column_text][\/vc_tta_section][vc_tta_section title=\u00bbFacultad De Ingenier\u00eda \u201cArturo Narro Siller\u201d\u00bb tab_id=\u00bb1479698427387-c2ea8eaa-98c9&#8243;][vc_column_text]<\/p>\n<ul>\n<li>Dr. Jos\u00e9 Francisco Cant\u00fa D\u00e1vila &#8211; Secretario General Local<\/li>\n<li>Mtro. Federico Gamboa Soto &#8211; Secretario De Trabajo Y Conflictos<\/li>\n<li>Mtro. Rocio del Carmen Vargas Castilleja &#8211; Secretaria De Actas<\/li>\n<\/ul>\n<p>[\/vc_column_text][\/vc_tta_section][\/vc_tta_accordion][\/vc_column][vc_column width=\u00bb1\/2&#8243;][vc_single_image image=\u00bb719&#8243; img_size=\u00bbfull\u00bb alignment=\u00bbcenter\u00bb style=\u00bbvc_box_circle\u00bb css_animation=\u00bbbounceInRight\u00bb][\/vc_column][\/vc_row][vc_row][vc_column width=\u00bb1\/2&#8243;][\/vc_column][vc_column width=\u00bb1\/2&#8243;][\/vc_column][\/vc_row]<\/p>\n<\/div>","protected":false},"excerpt":{"rendered":"<p>[vc_row][vc_column][wd_headings headings_title=\u00bbComit\u00e9s\u00bb headings_subtitle=\u00bbConsulte la zona geogr\u00e1fica deseada\u00bb wd_heading_font_weight=\u00bb400&#8243; wd_sub_heading_font_weight=\u00bb400&#8243;][\/vc_column][\/vc_row][vc_row][vc_column][wd_headings headings_title=\u00bbZona Norte\u00bb headings_subtitle=\u00bb\u00bb headings_separator=\u00bbborder\u00bb headings_separator_border_color=\u00bb#ed8f23&#8243; wd_heading_font_weight=\u00bb400&#8243; wd_sub_heading_font_weight=\u00bb400&#8243;][\/vc_column][\/vc_row][vc_row wd_row_delimiter_style=\u00bbvertical_line_bottom_center\u00bb wd_row_delimiter_color=\u00bb#bbbbbb\u00bb][vc_column width=\u00bb1\/2&#8243;][vc_tta_accordion shape=\u00bbsquare\u00bb c_align=\u00bbright\u00bb c_icon=\u00bbtriangle\u00bb c_position=\u00bbright\u00bb active_section=\u00bb1&#8243; css_animation=\u00bbbounceInLeft\u00bb][vc_tta_section title=\u00bbUnidad Acad\u00e9mica Multidisciplinaria Matamoros &#8211; Enfermer\u00eda\u00bb tab_id=\u00bb1479701235615-404ce88e-18ce\u00bb][vc_column_text] Mtra. Delia Ponce Mart\u00ednez\u00a0 &#8211;\u00a0Secretaria General Local Mtra. Ch\u00e1vez Rodr\u00edguez Erika\u00a0 \u00a0&#8211; Secretaria De Trabajo y Conflictos Mtro. Agust\u00edn Andrade Ramirez\u00a0 &#8211;\u00a0Secretario De [&hellip;]<\/p>\n","protected":false},"author":1,"featured_media":0,"parent":0,"menu_order":0,"comment_status":"closed","ping_status":"closed","template":"","meta":{"footnotes":""},"class_list":["post-160","page","type-page","status-publish","hentry"],"_links":{"self":[{"href":"https:\/\/sutauat.org\/sitio\/wp-json\/wp\/v2\/pages\/160","targetHints":{"allow":["GET"]}}],"collection":[{"href":"https:\/\/sutauat.org\/sitio\/wp-json\/wp\/v2\/pages"}],"about":[{"href":"https:\/\/sutauat.org\/sitio\/wp-json\/wp\/v2\/types\/page"}],"author":[{"embeddable":true,"href":"https:\/\/sutauat.org\/sitio\/wp-json\/wp\/v2\/users\/1"}],"replies":[{"embeddable":true,"href":"https:\/\/sutauat.org\/sitio\/wp-json\/wp\/v2\/comments?post=160"}],"version-history":[{"count":24,"href":"https:\/\/sutauat.org\/sitio\/wp-json\/wp\/v2\/pages\/160\/revisions"}],"predecessor-version":[{"id":2648,"href":"https:\/\/sutauat.org\/sitio\/wp-json\/wp\/v2\/pages\/160\/revisions\/2648"}],"wp:attachment":[{"href":"https:\/\/sutauat.org\/sitio\/wp-json\/wp\/v2\/media?parent=160"}],"curies":[{"name":"wp","href":"https:\/\/api.w.org\/{rel}","templated":true}]}}